{"id":39,"date":"2020-10-08T22:22:31","date_gmt":"2020-10-08T20:22:31","guid":{"rendered":"http:\/\/lafajod.cluster023.hosting.ovh.net\/?page_id=39"},"modified":"2024-10-15T14:15:45","modified_gmt":"2024-10-15T12:15:45","slug":"accueil","status":"publish","type":"page","link":"https:\/\/lafajolle.fr\/","title":{"rendered":"Accueil"},"content":{"rendered":"<p>&nbsp;<\/p>\n<table style=\"width: 100%; border-collapse: collapse; border-color: #0c9936; background-color: #c5fada;\" border=\"1\">\n<tbody>\n<tr>\n<td style=\"width: 100%;\">\n<p>Voici un article de :<\/p>\n<p><strong>Vincent DUMEUNIER \u2502<\/strong>charg\u00e9 de mission espaces naturels sensibles<\/p>\n<p style=\"font-weight: 400;\"><strong>Service Environnement<\/strong><\/p>\n<p style=\"font-weight: 400;\"><em>P\u00f4le Transition \u00e9cologique et mobilit\u00e9s \/ Direction D\u00e9veloppement Environnement et Territoires<\/em><\/p>\n<p>suivez ce <a href=\"https:\/\/espacesnaturelssensibles.aude.fr\/actualites\/la-fajolle-engage-des-moyens-pour-proteger-des-prairies-destive\">lien<\/a> pour le lire, bonne lecture.<\/p>\n<\/td>\n<\/tr>\n<\/tbody>\n<\/table>\n<p>&nbsp;<\/p>\n<div style=\"width: 629px;\" class=\"wp-video\"><video class=\"wp-video-shortcode\" id=\"video-39-1\" width=\"629\" height=\"354\" preload=\"metadata\" controls=\"controls\"><source type=\"video\/mp4\" src=\"http:\/\/lafajolle.fr\/wp-content\/uploads\/2024\/10\/Inaugurations-du-3-octobre-2024.mp4?_=1\" \/><a href=\"http:\/\/lafajolle.fr\/wp-content\/uploads\/2024\/10\/Inaugurations-du-3-octobre-2024.mp4\">http:\/\/lafajolle.fr\/wp-content\/uploads\/2024\/10\/Inaugurations-du-3-octobre-2024.mp4<\/a><\/video><\/div>\n<p><img loading=\"lazy\" decoding=\"async\" class=\"alignnone  wp-image-2356\" src=\"http:\/\/lafajolle.fr\/wp-content\/uploads\/2024\/07\/Programme-fete-2024-212x300.png\" alt=\"\" width=\"395\" height=\"559\" srcset=\"https:\/\/lafajolle.fr\/wp-content\/uploads\/2024\/07\/Programme-fete-2024-212x300.png 212w, https:\/\/lafajolle.fr\/wp-content\/uploads\/2024\/07\/Programme-fete-2024-724x1024.png 724w, https:\/\/lafajolle.fr\/wp-content\/uploads\/2024\/07\/Programme-fete-2024-768x1086.png 768w, https:\/\/lafajolle.fr\/wp-content\/uploads\/2024\/07\/Programme-fete-2024-1086x1536.png 1086w, https:\/\/lafajolle.fr\/wp-content\/uploads\/2024\/07\/Programme-fete-2024-900x1272.png 900w, https:\/\/lafajolle.fr\/wp-content\/uploads\/2024\/07\/Programme-fete-2024-1280x1810.png 1280w, https:\/\/lafajolle.fr\/wp-content\/uploads\/2024\/07\/Programme-fete-2024.png 1414w\" sizes=\"auto, (max-width: 395px) 100vw, 395px\" \/><\/p>\n<p>&nbsp;<\/p>\n<table style=\"width: 100%; border-collapse: collapse; background-color: #b0d4d6;\" border=\"1\">\n<tbody>\n<tr>\n<td style=\"width: 100%;\">\n<div class=\"gmail_default\"><span style=\"font-family: verdana, sans-serif;\">\u00a0Une r\u00e9union publique aura lieu :\u00a0<\/span><\/div>\n<div class=\"gmail_default\">\n<ul>\n<li><span style=\"font-family: verdana, sans-serif; font-size: xx-large;\">le mercredi 14 ao\u00fbt 2024 \u00e0 14 heures dans la salle des f\u00eates du village.<\/span><\/li>\n<\/ul>\n<div><span style=\"font-family: verdana, sans-serif; font-size: large;\">Cette r\u00e9union pr\u00e9sentera le projet de R\u00e9serve Naturelle Nationale de La Fajolle.<\/span><\/div>\n<div><span style=\"font-family: verdana, sans-serif;\">Nous vous esp\u00e9rons nombreux.<\/span><\/div>\n<div>\u00a0<\/div>\n<\/div>\n<div class=\"gmail_default\"><span style=\"font-family: verdana, sans-serif;\">L&rsquo;\u00e9quipe municipale<\/span><\/div>\n<\/td>\n<\/tr>\n<\/tbody>\n<\/table>\n<div id=\"cc-m-16303622822\" class=\"j-module n j-textWithImage \">\n<div data-name=\"text\" data-action=\"text\">\n<div style=\"width: 629px;\" class=\"wp-video\"><video class=\"wp-video-shortcode\" id=\"video-39-2\" width=\"629\" height=\"354\" preload=\"metadata\" controls=\"controls\"><source type=\"video\/mp4\" src=\"http:\/\/lafajolle.fr\/wp-content\/uploads\/2024\/04\/chouette-de-Tenglmalm.mp4?_=2\" \/><a href=\"http:\/\/lafajolle.fr\/wp-content\/uploads\/2024\/04\/chouette-de-Tenglmalm.mp4\">http:\/\/lafajolle.fr\/wp-content\/uploads\/2024\/04\/chouette-de-Tenglmalm.mp4<\/a><\/video><\/div>\n<\/div>\n<div data-name=\"text\" data-action=\"text\">\u00a0<\/div>\n<div data-name=\"text\" data-action=\"text\">\u00a0<\/div>\n<div data-name=\"text\" data-action=\"text\"><span style=\"font-family: verdana, geneva, sans-serif; font-size: 20px;\">On parle de nous aussi dans l&rsquo;<a href=\"http:\/\/lafajolle.fr\/wp-content\/uploads\/2023\/12\/j1644-du-15-decembre-2023-echo-languedoc.pdf\">Echo du Languedoc du 15 d\u00e9cembre 2023<\/a><\/span><\/div>\n<div id=\"cc-m-textwithimage-16303622822\" class=\"cc-m-textwithimage-inline-rte\" data-name=\"text\" data-action=\"text\">\n<p><img loading=\"lazy\" decoding=\"async\" class=\"alignnone  wp-image-2267\" src=\"http:\/\/lafajolle.fr\/wp-content\/uploads\/2023\/12\/Article-La-DEPECHE-26-NOV-23-300x212.jpg\" alt=\"\" width=\"659\" height=\"465\" srcset=\"https:\/\/lafajolle.fr\/wp-content\/uploads\/2023\/12\/Article-La-DEPECHE-26-NOV-23-300x212.jpg 300w, https:\/\/lafajolle.fr\/wp-content\/uploads\/2023\/12\/Article-La-DEPECHE-26-NOV-23-1024x724.jpg 1024w, https:\/\/lafajolle.fr\/wp-content\/uploads\/2023\/12\/Article-La-DEPECHE-26-NOV-23-768x543.jpg 768w, https:\/\/lafajolle.fr\/wp-content\/uploads\/2023\/12\/Article-La-DEPECHE-26-NOV-23-1536x1086.jpg 1536w, https:\/\/lafajolle.fr\/wp-content\/uploads\/2023\/12\/Article-La-DEPECHE-26-NOV-23-900x636.jpg 900w, https:\/\/lafajolle.fr\/wp-content\/uploads\/2023\/12\/Article-La-DEPECHE-26-NOV-23-1280x905.jpg 1280w, https:\/\/lafajolle.fr\/wp-content\/uploads\/2023\/12\/Article-La-DEPECHE-26-NOV-23.jpg 1754w\" sizes=\"auto, (max-width: 659px) 100vw, 659px\" \/><\/p>\n<p>Article paru sur \u00ab\u00a0La D\u00e9p\u00eache\u00a0\u00bb du 26 novembre 2023<\/p>\n<p>\u00a0 \u00a0 \u00a0 <span style=\"font-family: verdana, geneva, sans-serif; font-size: 20px; text-align: center;\">Bienvenue \u00e0 La Fajolle<\/span><\/p>\n<\/div>\n<\/div>\n<div class=\"center\">\n<div class=\"thumb tnone\">\n<div class=\"thumbinner\">\n<div class=\"thumbcaption\">\n<p style=\"text-align: left;\"><span style=\"font-family: verdana, geneva, sans-serif; font-size: 14px;\">Situ\u00e9e aux confins du d\u00e9partement de l&rsquo;Aude, dans la r\u00e9gion Occitanie, au sein des Pyr\u00e9n\u00e9es Audoises, la commune de La Fajolle pr\u00e9sente de nombreuses caract\u00e9ristiques.<\/span><\/p>\n<p style=\"text-align: left;\"><span style=\"font-family: verdana, geneva, sans-serif; font-size: 14px;\">Peu peupl\u00e9e (on recense 11 habitants) la majeure partie de l&rsquo;ann\u00e9e, elle compte plus de 200 personnes en p\u00e9riode estivale.<\/span><\/p>\n<p class=\"magnify\" style=\"text-align: left;\"><span style=\"font-size: 14px; font-family: verdana, geneva, sans-serif;\">Parmi ces 11 habitants : 2 actifs, Fr\u00e9d\u00e9ric le pisciculteur\u00a0<a href=\"http:\/\/www.pisciculturedelafajolle.com\/\">http:\/\/www.pisciculturedelafajolle.com\/ <\/a><\/span><span style=\"font-family: verdana, geneva, sans-serif; font-size: 14px;\">et Marc, le gestionnaire des estives, avec un troupeau de 30 brebis et 15 ch\u00e8vres qui p\u00e2turent tout autour du village dans le cadre d&rsquo;une r\u00e9habilitation des espaces\u00a0 <a href=\"http:\/\/pyreneesaudoises.n2000.fr\/actualites\/inauguration-de-travaux-de-restauration-de-milieu-la-fajolle\">voir l&rsquo;article<\/a><\/span><\/p>\n<\/div>\n<div class=\"thumbcaption\">\n<div class=\"magnify\">\n<p style=\"text-align: left;\"><span style=\"font-family: verdana, geneva, sans-serif; font-size: 14px;\">La Fajolle c&rsquo;est aussi un village dont l&rsquo;altitude est de 1100 m\u00e8tres alors que 7 kilom\u00e8tres plus loin le col du Pradel culmine \u00e0 1680 m\u00e8tres.<\/span><\/p>\n<p style=\"text-align: left;\"><span style=\"font-family: verdana, geneva, sans-serif; font-size: 14px;\">L&rsquo;essor du d\u00e9but du 20i\u00e8me si\u00e8cle du en particulier \u00e0 l&rsquo;industrie du bois et \u00e0 l&rsquo;\u00e9levage a connu un d\u00e9clin important pour n&rsquo;\u00eatre plus aujourd&rsquo;hui qu&rsquo;un petit village de la vall\u00e9e du R\u00e9benty.\u00a0<\/span><\/p>\n<p style=\"text-align: left;\"><span style=\"font-family: verdana, geneva, sans-serif; font-size: 14px;\">Mais ses atouts naturels ont fait que les derni\u00e8res municipalit\u00e9s ont choisi la voie de l&rsquo;\u00e9cologie et les r\u00e9sultats de cette politique commencent \u00e0 porter leurs fruits.\u00a0<\/span><\/p>\n<p style=\"text-align: left;\"><span style=\"font-family: verdana, geneva, sans-serif; font-size: 14px;\">Le but de ce site est non seulement de vous faire d\u00e9couvrir ses atouts, mais aussi de donner des informations pratiques qui permettront \u00e0 tous d&rsquo;appr\u00e9cier ce havre de paix que constitue notre commune.\u00a0<\/span><\/p>\n<p>&nbsp;<\/p>\n<p>&nbsp;<\/p>\n<p style=\"text-align: center;\">\u00a0<\/p>\n<p>&nbsp;<\/p>\n<p>&nbsp;<\/p>\n<h4>\u00a0<\/h4>\n<\/div>\n<\/div>\n<\/div>\n<\/div>\n<\/div>\n","protected":false},"excerpt":{"rendered":"<p>&nbsp; Voici un article de : Vincent DUMEUNIER \u2502charg\u00e9 de mission espaces naturels sensibles Service Environnement P\u00f4le Transition \u00e9cologique et mobilit\u00e9s \/ Direction D\u00e9veloppement Environnement et Territoires suivez ce lien pour le lire, bonne lecture. &nbsp; &nbsp; \u00a0Une r\u00e9union publique aura lieu :\u00a0 le mercredi 14 ao\u00fbt 2024 \u00e0 14 heures dans la salle des [&hellip;]<\/p>\n","protected":false},"author":1,"featured_media":0,"parent":0,"menu_order":0,"comment_status":"closed","ping_status":"closed","template":"","meta":{"_crdt_document":"","footnotes":""},"class_list":["post-39","page","type-page","status-publish","hentry"],"_links":{"self":[{"href":"https:\/\/lafajolle.fr\/index.php\/wp-json\/wp\/v2\/pages\/39","targetHints":{"allow":["GET"]}}],"collection":[{"href":"https:\/\/lafajolle.fr\/index.php\/wp-json\/wp\/v2\/pages"}],"about":[{"href":"https:\/\/lafajolle.fr\/index.php\/wp-json\/wp\/v2\/types\/page"}],"author":[{"embeddable":true,"href":"https:\/\/lafajolle.fr\/index.php\/wp-json\/wp\/v2\/users\/1"}],"replies":[{"embeddable":true,"href":"https:\/\/lafajolle.fr\/index.php\/wp-json\/wp\/v2\/comments?post=39"}],"version-history":[{"count":136,"href":"https:\/\/lafajolle.fr\/index.php\/wp-json\/wp\/v2\/pages\/39\/revisions"}],"predecessor-version":[{"id":2404,"href":"https:\/\/lafajolle.fr\/index.php\/wp-json\/wp\/v2\/pages\/39\/revisions\/2404"}],"wp:attachment":[{"href":"https:\/\/lafajolle.fr\/index.php\/wp-json\/wp\/v2\/media?parent=39"}],"curies":[{"name":"wp","href":"https:\/\/api.w.org\/{rel}","templated":true}]}}