{"id":2097,"date":"2023-02-23T10:43:19","date_gmt":"2023-02-23T09:43:19","guid":{"rendered":"http:\/\/lafajolle.fr\/?page_id=2097"},"modified":"2023-12-10T16:36:39","modified_gmt":"2023-12-10T15:36:39","slug":"concours-photos-la-fajolle-2023","status":"publish","type":"page","link":"http:\/\/lafajolle.fr\/index.php\/concours-photos-la-fajolle-2023\/","title":{"rendered":"CONCOURS PHOTOS         \u00ab\u00a0LA FAJOLLE 2023\u00a0\u00bb"},"content":{"rendered":"<p style=\"text-align: center;\"><strong>R\u00e9sultats du concours photos \u00ab\u00a0La Fajolle 23\u00a0\u00bb :<\/strong><\/p>\n<p style=\"text-align: center;\"><strong>1er prix : Marie Vignau &#8211; Photo 23<\/strong><\/p>\n<p style=\"text-align: center;\"><strong>2i\u00e8me prix : Mireille Rosset &#8211; Photo 26<\/strong><\/p>\n<p style=\"text-align: center;\"><strong>3i\u00e8me prix : Roger Stivanin &#8211; Photo 11<\/strong><\/p>\n<p style=\"text-align: center;\"><strong>Merci \u00e0 tous les participants\u00a0<\/strong><\/p>\n<p>\u00a0\u00ab\u00a0LA FAJOLLE\u00a0\u00bb 2023<\/p>\n<p><strong><u>Article 1<\/u><\/strong> : <strong>Organisation du concours<\/strong><\/p>\n<p>L\u2019association Lafajolaise organise un concours photos qui a pour th\u00e8me\u00a0:<\/p>\n<p><em>La commune de La Fajolle et son village<\/em><\/p>\n<p>&nbsp;<\/p>\n<p><strong><u>Article 2<\/u><\/strong> : <strong>Conditions de participation<\/strong>.<\/p>\n<p>Le concours photo est ouvert \u00e0 toutes les personnes, photographes amateurs de tout \u00e2ge (adultes et enfants). Les photos non filtr\u00e9es et retouch\u00e9es, devront \u00eatre prises obligatoirement \u00e0 La Fajolle. La participation au concours est gratuite et sans obligation d\u2019achat. Le mineur participant doit imp\u00e9rativement \u00eatre inscrit par l\u2019interm\u00e9diaire de son responsable l\u00e9gal.<\/p>\n<p>Chaque participant devra remplir et signer le bulletin de participation du concours. Le fait de le signer et de remettre une photo, obligent le concurrent \u00e0 se conformer au pr\u00e9sent r\u00e8glement, \u00e0 l\u2019accepter dans son int\u00e9gralit\u00e9 et \u00e0 s\u2019interdire toute r\u00e9clamation.<\/p>\n<p>En participant au concours, chaque participant certifie sur l\u2019honneur :<\/p>\n<p>&#8211; qu\u2019il est l\u2019auteur de la photo pr\u00e9sent\u00e9e. Les photographies devront \u00eatre des \u0153uvres originales et non retouch\u00e9es. Les organisateurs ne seront pas consid\u00e9r\u00e9s comme responsables en cas de contestation ou de litige concernant la propri\u00e9t\u00e9 de la photo.<\/p>\n<p>&#8211; qu\u2019il dispose de l\u2019accord \u00e9crit des personnages photographi\u00e9s lorsque leur photo peut mettre en cause le droit des personnes sur leur image. Toute photographie repr\u00e9sentant une ou plusieurs personnes identifiables sera pr\u00e9sent\u00e9e sous l\u2019enti\u00e8re responsabilit\u00e9 de son auteur.<\/p>\n<p>Chaque photographe est invit\u00e9 \u00e0 donner un titre \u00e0 son clich\u00e9.<\/p>\n<p>L\u2019association Lafajolaise se donne le droit de ne pas s\u00e9lectionner une image hors sujet ou qui porterait pr\u00e9judice \u00e0 l\u2019esprit du concours ou \u00e0 la repr\u00e9sentation d\u2019une personne.<\/p>\n<p>&nbsp;<\/p>\n<p><strong><u>Article 3<\/u><\/strong> : <strong>Les conditions techniques du clich\u00e9.<\/strong><\/p>\n<p>&#8211; La photo doit imp\u00e9rativement \u00eatre prise \u00e0 La Fajolle,<\/p>\n<p>&#8211; La photo ne doit pas \u00eatre marqu\u00e9e avec un filigrane, des bordures, un logo, une adresse de site web etc\u2026 elle sera pr\u00e9sent\u00e9 de fa\u00e7on anonyme.<\/p>\n<p>&#8211; 3 photographies par participant maximum.<\/p>\n<p>&nbsp;<\/p>\n<p><strong><u>Article 4<\/u><\/strong> : <strong>Utilisation des photographies.<\/strong><\/p>\n<p>Le participant s\u2019engage \u00e0 c\u00e9der les droits d\u2019utilisation de ses images. L\u2019association Lafajolaise pourra utiliser gratuitement son nom et sa photo pour toute op\u00e9ration en rapport avec le concours (exposition, publication, presse), sans limitation de dur\u00e9e et aucune r\u00e9mun\u00e9ration ne sera due \u00e0 ce titre. Les fichiers de photos non s\u00e9lectionn\u00e9s seront restitu\u00e9s sur demande.<\/p>\n<p><strong><u>Article 5<\/u><\/strong> : <strong>Calendrier<\/strong>.<\/p>\n<p>Inscription et d\u00e9p\u00f4t des photos jusqu\u2019au 16 juillet 2023. Les photographies doivent \u00eatre envoy\u00e9es \u00e0 l\u2019adresse mail suivante : <a href=\"mailto:associationlafajolaise@gmail.com\">associationlafajolaise@gmail.com<\/a><\/p>\n<p>Les photos seront pr\u00e9sent\u00e9es sur une page d\u00e9di\u00e9e au concours sur le site de la mairie <a href=\"http:\/\/lafajolle.fr\/\">http:\/\/lafajolle.fr\/<\/a>. au fur et \u00e0 mesure de leur r\u00e9ception. A partir du 18 juillet 2023 le public pourra voter en ligne jusqu\u2019au 9 ao\u00fbt 2023.<\/p>\n<p>Les 20 premiers clich\u00e9s seront ensuite expos\u00e9s dans le village \u00e0 l\u2019occasion de la f\u00eate locale.<\/p>\n<p>&nbsp;<\/p>\n<p><strong><u>Article 6<\/u><\/strong> : <strong>Informatique et libert\u00e9. <\/strong><\/p>\n<p>Les informations nominatives communiqu\u00e9es par les participants sont indispensables au traitement des participants par les organisateurs. Ces informations ne feront l\u2019objet d\u2019aucune communication ou cession \u00e0 des tiers. Les donn\u00e9es personnelles seront trait\u00e9es conform\u00e9ment \u00e0 la loi informatique et libert\u00e9s du 06 janvier 1978. 2<\/p>\n<p><strong><u>\u00a0<\/u><\/strong><\/p>\n<p><strong><u>Article 7<\/u><\/strong>: <strong>Litiges et diff\u00e9rends<\/strong><\/p>\n<p>La participation au jeu implique l\u2019acceptation expresse, et sans r\u00e9serve du pr\u00e9sent r\u00e8glement, en toutes ses stipulations, des r\u00e8gles de d\u00e9ontologie ainsi que des lois et r\u00e8glements applicables en l\u2019esp\u00e8ce. Si une ou plusieurs dispositions des pr\u00e9sentes \u00e9taient d\u00e9clar\u00e9es nulles ou inapplicables en tout ou partie, cette nullit\u00e9 ou inapplicabilit\u00e9 n\u2019affectera pas la validit\u00e9 ou l\u2019applicabilit\u00e9 du reste du pr\u00e9sent r\u00e8glement.<\/p>\n<p>&nbsp;<\/p>\n<p><strong><u>Article 8<\/u><\/strong>\u00a0: <strong>Dotation<\/strong><\/p>\n<ul>\n<li>1<sup>er<\/sup> prix\u00a0: Panier surprise de produits locaux<\/li>\n<li>2<sup>i\u00e8me<\/sup> prix\u00a0: Panier surprise de produits locaux<\/li>\n<li>3<sup>i\u00e8me<\/sup> prix\u00a0: Panier surprise de produits locaux.<\/li>\n<\/ul>\n<p>&nbsp;<\/p>\n<p>&nbsp;<\/p>\n<p><strong>BULLETIN DE PARTICIPATION<\/strong><\/p>\n<p><strong>CONCOURS PHOTOS \u00ab\u00a0LA FAJOLLE\u00a0\u00bb 2023<\/strong><\/p>\n<p>&nbsp;<\/p>\n<p>Nom :<\/p>\n<p>&nbsp;<\/p>\n<p>Pr\u00e9nom :<\/p>\n<p>&nbsp;<\/p>\n<p>\u00c2ge (si moins de 18 ans) :<\/p>\n<p>(Pour les moins de 18 ans, accord sign\u00e9 des parents ci-dessous).<\/p>\n<p>&nbsp;<\/p>\n<p>Adresse :<\/p>\n<p>Ville : \u00a0\u00a0\u00a0\u00a0\u00a0\u00a0\u00a0\u00a0\u00a0\u00a0\u00a0\u00a0\u00a0\u00a0\u00a0\u00a0\u00a0\u00a0\u00a0\u00a0\u00a0\u00a0\u00a0\u00a0\u00a0\u00a0\u00a0\u00a0\u00a0\u00a0\u00a0\u00a0\u00a0\u00a0\u00a0\u00a0\u00a0\u00a0\u00a0\u00a0\u00a0\u00a0\u00a0\u00a0\u00a0\u00a0\u00a0\u00a0\u00a0\u00a0\u00a0\u00a0\u00a0\u00a0\u00a0\u00a0\u00a0\u00a0\u00a0\u00a0\u00a0\u00a0\u00a0\u00a0\u00a0\u00a0\u00a0\u00a0\u00a0\u00a0\u00a0\u00a0\u00a0\u00a0\u00a0\u00a0\u00a0\u00a0\u00a0\u00a0\u00a0 Code postal :<\/p>\n<p>T\u00e9l\u00e9phone :<\/p>\n<p>Mail :<\/p>\n<ul>\n<li>D\u00e9clare participer au concours photos \u00ab\u00a0LA FAJOLLE\u00a0\u00bb 2023<\/li>\n<li>D\u00e9clare avoir pris connaissance du r\u00e8glement du concours et en respecter toutes les clauses.<\/li>\n<\/ul>\n<p>Si vous le souhaitez, vous pouvez ajouter un commentaire sur votre photo, notamment le lieu et la date de prise de vue :<\/p>\n<p>A \u2026\u2026\u2026\u2026\u2026\u2026\u2026\u2026\u2026\u2026\u2026\u2026\u2026\u2026\u2026\u2026\u2026\u2026\u2026\u2026\u2026\u2026\u2026\u2026\u2026\u2026\u2026\u2026\u2026\u2026\u2026\u2026\u2026,<\/p>\n<p>Le \u2026\u2026\u2026\u2026\u2026\u2026\u2026\u2026\u2026\u2026\u2026\u2026\u2026\u2026\u2026\u2026\u2026\u2026\u2026\u2026\u2026\u2026\u2026\u2026\u2026\u2026\u2026\u2026\u2026\u2026\u2026\u2026..<\/p>\n<p>&nbsp;<\/p>\n<p>Signature<\/p>\n<p>&nbsp;<\/p>\n<p>&nbsp;<\/p>\n<p>Signature des parents avec la mention \u201cBon pour accord\u201d<\/p>\n<p>&nbsp;<\/p>\n<p><span style=\"color: #0000ff; font-size: 20px;\"><strong>R\u00e8glement et inscription \u00e0 t\u00e9l\u00e9charger <a href=\"http:\/\/lafajolle.fr\/wp-content\/uploads\/2023\/02\/reglement-et-inscription-concours-photos-La-Fajolle.pdf\">ici<\/a><\/strong><\/span><\/p>\n<p><span style=\"text-decoration: underline;\"><span style=\"font-family: 'arial black', sans-serif; font-size: 36px; color: #800000; text-decoration: underline;\">LES PHOTOS DU CONCOURS :<\/span><\/span><\/p>\n<table style=\"width: 100.083%; border-collapse: collapse; background-color: #000000; height: 9475px;\" border=\"1\">\n<tbody>\n<tr>\n<td style=\"width: 21.2352%;\">\n<p>&nbsp;<\/p>\n<p><img loading=\"lazy\" decoding=\"async\" class=\"wp-image-2118 aligncenter\" src=\"http:\/\/lafajolle.fr\/wp-content\/uploads\/2023\/03\/LAFAJOLLE-etangREbenty-juin2020-2518-300x168.jpg\" alt=\"\" width=\"568\" height=\"318\" srcset=\"http:\/\/lafajolle.fr\/wp-content\/uploads\/2023\/03\/LAFAJOLLE-etangREbenty-juin2020-2518-300x168.jpg 300w, http:\/\/lafajolle.fr\/wp-content\/uploads\/2023\/03\/LAFAJOLLE-etangREbenty-juin2020-2518-1024x575.jpg 1024w, http:\/\/lafajolle.fr\/wp-content\/uploads\/2023\/03\/LAFAJOLLE-etangREbenty-juin2020-2518-768x431.jpg 768w, http:\/\/lafajolle.fr\/wp-content\/uploads\/2023\/03\/LAFAJOLLE-etangREbenty-juin2020-2518-1536x863.jpg 1536w, http:\/\/lafajolle.fr\/wp-content\/uploads\/2023\/03\/LAFAJOLLE-etangREbenty-juin2020-2518-2048x1150.jpg 2048w, http:\/\/lafajolle.fr\/wp-content\/uploads\/2023\/03\/LAFAJOLLE-etangREbenty-juin2020-2518-900x505.jpg 900w, http:\/\/lafajolle.fr\/wp-content\/uploads\/2023\/03\/LAFAJOLLE-etangREbenty-juin2020-2518-1280x719.jpg 1280w\" sizes=\"auto, (max-width: 568px) 100vw, 568px\" \/><\/p>\n<p style=\"text-align: center;\"><span style=\"font-size: 28px; color: #ffffff; font-family: verdana, geneva, sans-serif;\">Photo 1 &#8211; Etang du R\u00e9benty<\/span><\/p>\n<p>&nbsp;<\/p>\n<\/td>\n<\/tr>\n<tr>\n<td style=\"width: 21.2352%;\">\n<p>&nbsp;<\/p>\n<p>&nbsp;<\/p>\n<p><img loading=\"lazy\" decoding=\"async\" class=\"wp-image-2119 aligncenter\" src=\"http:\/\/lafajolle.fr\/wp-content\/uploads\/2023\/03\/LAFAJOLLE-Fontrouge-juin2020-4710-300x168.jpg\" alt=\"\" width=\"542\" height=\"303\" srcset=\"http:\/\/lafajolle.fr\/wp-content\/uploads\/2023\/03\/LAFAJOLLE-Fontrouge-juin2020-4710-300x168.jpg 300w, http:\/\/lafajolle.fr\/wp-content\/uploads\/2023\/03\/LAFAJOLLE-Fontrouge-juin2020-4710-1024x575.jpg 1024w, http:\/\/lafajolle.fr\/wp-content\/uploads\/2023\/03\/LAFAJOLLE-Fontrouge-juin2020-4710-768x431.jpg 768w, http:\/\/lafajolle.fr\/wp-content\/uploads\/2023\/03\/LAFAJOLLE-Fontrouge-juin2020-4710-2048x1150.jpg 2048w, http:\/\/lafajolle.fr\/wp-content\/uploads\/2023\/03\/LAFAJOLLE-Fontrouge-juin2020-4710-900x505.jpg 900w, http:\/\/lafajolle.fr\/wp-content\/uploads\/2023\/03\/LAFAJOLLE-Fontrouge-juin2020-4710-1280x719.jpg 1280w\" sizes=\"auto, (max-width: 542px) 100vw, 542px\" \/><\/p>\n<p style=\"text-align: center;\"><span style=\"font-family: verdana, geneva, sans-serif; font-size: 28px; color: #ffffff;\">Photo 2 &#8211; Font Rouge 1<\/span><\/p>\n<\/td>\n<\/tr>\n<tr>\n<td style=\"width: 21.2352%;\">\n<p>&nbsp;<\/p>\n<p><img loading=\"lazy\" decoding=\"async\" class=\" wp-image-2120 aligncenter\" src=\"http:\/\/lafajolle.fr\/wp-content\/uploads\/2023\/03\/LAFAJOLLE-Fontrouge-juin2020-4726-168x300.jpg\" alt=\"\" width=\"283\" height=\"505\" srcset=\"http:\/\/lafajolle.fr\/wp-content\/uploads\/2023\/03\/LAFAJOLLE-Fontrouge-juin2020-4726-168x300.jpg 168w, http:\/\/lafajolle.fr\/wp-content\/uploads\/2023\/03\/LAFAJOLLE-Fontrouge-juin2020-4726-575x1024.jpg 575w, http:\/\/lafajolle.fr\/wp-content\/uploads\/2023\/03\/LAFAJOLLE-Fontrouge-juin2020-4726-768x1368.jpg 768w, http:\/\/lafajolle.fr\/wp-content\/uploads\/2023\/03\/LAFAJOLLE-Fontrouge-juin2020-4726-863x1536.jpg 863w, http:\/\/lafajolle.fr\/wp-content\/uploads\/2023\/03\/LAFAJOLLE-Fontrouge-juin2020-4726-1150x2048.jpg 1150w, http:\/\/lafajolle.fr\/wp-content\/uploads\/2023\/03\/LAFAJOLLE-Fontrouge-juin2020-4726-900x1603.jpg 900w, http:\/\/lafajolle.fr\/wp-content\/uploads\/2023\/03\/LAFAJOLLE-Fontrouge-juin2020-4726-1280x2279.jpg 1280w, http:\/\/lafajolle.fr\/wp-content\/uploads\/2023\/03\/LAFAJOLLE-Fontrouge-juin2020-4726-scaled.jpg 1438w\" sizes=\"auto, (max-width: 283px) 100vw, 283px\" \/><\/p>\n<p>&nbsp;<\/p>\n<p style=\"text-align: center;\"><span style=\"font-family: verdana, geneva, sans-serif; font-size: 28px; color: #ffffff;\">Photo 3 &#8211; Font Rouge 2<\/span><\/p>\n<\/td>\n<\/tr>\n<tr>\n<td style=\"width: 21.2352%;\">\n<p style=\"text-align: center;\">\u00a0<\/p>\n<p style=\"text-align: center;\">\u00a0<\/p>\n<p style=\"text-align: center;\"><img loading=\"lazy\" decoding=\"async\" class=\"alignnone size-medium wp-image-2159 aligncenter\" src=\"http:\/\/lafajolle.fr\/wp-content\/uploads\/2023\/06\/fleur-pissenlit-avec-intrus-CC-300x169.jpg\" alt=\"\" width=\"300\" height=\"169\" srcset=\"http:\/\/lafajolle.fr\/wp-content\/uploads\/2023\/06\/fleur-pissenlit-avec-intrus-CC-300x169.jpg 300w, http:\/\/lafajolle.fr\/wp-content\/uploads\/2023\/06\/fleur-pissenlit-avec-intrus-CC-1024x575.jpg 1024w, http:\/\/lafajolle.fr\/wp-content\/uploads\/2023\/06\/fleur-pissenlit-avec-intrus-CC-768x432.jpg 768w, http:\/\/lafajolle.fr\/wp-content\/uploads\/2023\/06\/fleur-pissenlit-avec-intrus-CC-1536x863.jpg 1536w, http:\/\/lafajolle.fr\/wp-content\/uploads\/2023\/06\/fleur-pissenlit-avec-intrus-CC-2048x1151.jpg 2048w, http:\/\/lafajolle.fr\/wp-content\/uploads\/2023\/06\/fleur-pissenlit-avec-intrus-CC-900x506.jpg 900w, http:\/\/lafajolle.fr\/wp-content\/uploads\/2023\/06\/fleur-pissenlit-avec-intrus-CC-1280x719.jpg 1280w\" sizes=\"auto, (max-width: 300px) 100vw, 300px\" \/><\/p>\n<p style=\"text-align: center;\">\u00a0<\/p>\n<p style=\"text-align: center;\"><span style=\"font-family: verdana, geneva, sans-serif; font-size: 28px; color: #ffffff;\">Photo 4 &#8211; Fleur de pissenlit avec intrus<\/span><\/p>\n<\/td>\n<\/tr>\n<tr>\n<td style=\"width: 21.2352%;\">\n<p style=\"text-align: center;\"><img loading=\"lazy\" decoding=\"async\" class=\"alignnone size-medium wp-image-2161\" src=\"http:\/\/lafajolle.fr\/wp-content\/uploads\/2023\/06\/regard-envoutant-et-expressif-de-chat-CC-300x169.jpg\" alt=\"\" width=\"300\" height=\"169\" srcset=\"http:\/\/lafajolle.fr\/wp-content\/uploads\/2023\/06\/regard-envoutant-et-expressif-de-chat-CC-300x169.jpg 300w, http:\/\/lafajolle.fr\/wp-content\/uploads\/2023\/06\/regard-envoutant-et-expressif-de-chat-CC-1024x577.jpg 1024w, http:\/\/lafajolle.fr\/wp-content\/uploads\/2023\/06\/regard-envoutant-et-expressif-de-chat-CC-768x433.jpg 768w, http:\/\/lafajolle.fr\/wp-content\/uploads\/2023\/06\/regard-envoutant-et-expressif-de-chat-CC-1536x866.jpg 1536w, http:\/\/lafajolle.fr\/wp-content\/uploads\/2023\/06\/regard-envoutant-et-expressif-de-chat-CC-2048x1155.jpg 2048w, http:\/\/lafajolle.fr\/wp-content\/uploads\/2023\/06\/regard-envoutant-et-expressif-de-chat-CC-900x507.jpg 900w, http:\/\/lafajolle.fr\/wp-content\/uploads\/2023\/06\/regard-envoutant-et-expressif-de-chat-CC-1280x722.jpg 1280w\" sizes=\"auto, (max-width: 300px) 100vw, 300px\" \/><\/p>\n<p style=\"text-align: center;\"><span style=\"font-family: verdana, geneva, sans-serif; font-size: 28px; color: #ffffff;\">Photo 5 &#8211; Regard envoutant et expressif de chat<\/span><\/p>\n<\/td>\n<\/tr>\n<tr>\n<td style=\"width: 21.2352%;\">\n<p style=\"text-align: center;\"><img loading=\"lazy\" decoding=\"async\" class=\"alignnone size-medium wp-image-2160\" src=\"http:\/\/lafajolle.fr\/wp-content\/uploads\/2023\/06\/La-mini-grotte-secrete-de-LA-FAJOLLE-CC-169x300.jpg\" alt=\"\" width=\"169\" height=\"300\" srcset=\"http:\/\/lafajolle.fr\/wp-content\/uploads\/2023\/06\/La-mini-grotte-secrete-de-LA-FAJOLLE-CC-169x300.jpg 169w, http:\/\/lafajolle.fr\/wp-content\/uploads\/2023\/06\/La-mini-grotte-secrete-de-LA-FAJOLLE-CC-577x1024.jpg 577w, http:\/\/lafajolle.fr\/wp-content\/uploads\/2023\/06\/La-mini-grotte-secrete-de-LA-FAJOLLE-CC-768x1362.jpg 768w, http:\/\/lafajolle.fr\/wp-content\/uploads\/2023\/06\/La-mini-grotte-secrete-de-LA-FAJOLLE-CC-866x1536.jpg 866w, http:\/\/lafajolle.fr\/wp-content\/uploads\/2023\/06\/La-mini-grotte-secrete-de-LA-FAJOLLE-CC-1155x2048.jpg 1155w, http:\/\/lafajolle.fr\/wp-content\/uploads\/2023\/06\/La-mini-grotte-secrete-de-LA-FAJOLLE-CC-900x1597.jpg 900w, http:\/\/lafajolle.fr\/wp-content\/uploads\/2023\/06\/La-mini-grotte-secrete-de-LA-FAJOLLE-CC-1280x2271.jpg 1280w, http:\/\/lafajolle.fr\/wp-content\/uploads\/2023\/06\/La-mini-grotte-secrete-de-LA-FAJOLLE-CC-scaled.jpg 1443w\" sizes=\"auto, (max-width: 169px) 100vw, 169px\" \/><\/p>\n<p style=\"text-align: center;\"><span style=\"font-family: verdana, geneva, sans-serif; font-size: 28px; color: #ffffff;\">Photo 6 &#8211; La mini grotte secr\u00e8te<\/span><\/p>\n<\/td>\n<\/tr>\n<tr>\n<td style=\"width: 21.2352%;\">\n<p style=\"text-align: center;\"><img loading=\"lazy\" decoding=\"async\" class=\"alignnone size-medium wp-image-2156\" src=\"http:\/\/lafajolle.fr\/wp-content\/uploads\/2023\/06\/BC-1-300x225.jpg\" alt=\"\" width=\"300\" height=\"225\" srcset=\"http:\/\/lafajolle.fr\/wp-content\/uploads\/2023\/06\/BC-1-300x225.jpg 300w, http:\/\/lafajolle.fr\/wp-content\/uploads\/2023\/06\/BC-1-1024x768.jpg 1024w, http:\/\/lafajolle.fr\/wp-content\/uploads\/2023\/06\/BC-1-768x576.jpg 768w, http:\/\/lafajolle.fr\/wp-content\/uploads\/2023\/06\/BC-1-1536x1152.jpg 1536w, http:\/\/lafajolle.fr\/wp-content\/uploads\/2023\/06\/BC-1-2048x1536.jpg 2048w, http:\/\/lafajolle.fr\/wp-content\/uploads\/2023\/06\/BC-1-900x675.jpg 900w, http:\/\/lafajolle.fr\/wp-content\/uploads\/2023\/06\/BC-1-1280x960.jpg 1280w\" sizes=\"auto, (max-width: 300px) 100vw, 300px\" \/><\/p>\n<p style=\"text-align: center;\"><span style=\"font-family: verdana, geneva, sans-serif; font-size: 28px; color: #ffffff;\">Photo 7 &#8211; Ecobuage vers le roc R\u00e9glisse 1<\/span><\/p>\n<\/td>\n<\/tr>\n<tr>\n<td style=\"width: 21.2352%;\">\n<p style=\"text-align: center;\"><img loading=\"lazy\" decoding=\"async\" class=\"alignnone size-medium wp-image-2157\" src=\"http:\/\/lafajolle.fr\/wp-content\/uploads\/2023\/06\/BC-2-300x225.jpg\" alt=\"\" width=\"300\" height=\"225\" srcset=\"http:\/\/lafajolle.fr\/wp-content\/uploads\/2023\/06\/BC-2-300x225.jpg 300w, http:\/\/lafajolle.fr\/wp-content\/uploads\/2023\/06\/BC-2-1024x768.jpg 1024w, http:\/\/lafajolle.fr\/wp-content\/uploads\/2023\/06\/BC-2-768x576.jpg 768w, http:\/\/lafajolle.fr\/wp-content\/uploads\/2023\/06\/BC-2-1536x1152.jpg 1536w, http:\/\/lafajolle.fr\/wp-content\/uploads\/2023\/06\/BC-2-2048x1536.jpg 2048w, http:\/\/lafajolle.fr\/wp-content\/uploads\/2023\/06\/BC-2-900x675.jpg 900w, http:\/\/lafajolle.fr\/wp-content\/uploads\/2023\/06\/BC-2-1280x960.jpg 1280w\" sizes=\"auto, (max-width: 300px) 100vw, 300px\" \/><\/p>\n<p style=\"text-align: center;\"><span style=\"font-family: verdana, geneva, sans-serif; font-size: 28px; color: #ffffff;\">Photo 8 &#8211; Ecobuage vers le roc R\u00e9glisse 2<\/span><\/p>\n<\/td>\n<\/tr>\n<tr>\n<td style=\"width: 21.2352%;\">\n<p style=\"text-align: center;\"><img loading=\"lazy\" decoding=\"async\" class=\"alignnone size-medium wp-image-2158\" src=\"http:\/\/lafajolle.fr\/wp-content\/uploads\/2023\/06\/BC-4-300x225.jpg\" alt=\"\" width=\"300\" height=\"225\" srcset=\"http:\/\/lafajolle.fr\/wp-content\/uploads\/2023\/06\/BC-4-300x225.jpg 300w, http:\/\/lafajolle.fr\/wp-content\/uploads\/2023\/06\/BC-4-1024x768.jpg 1024w, http:\/\/lafajolle.fr\/wp-content\/uploads\/2023\/06\/BC-4-768x576.jpg 768w, http:\/\/lafajolle.fr\/wp-content\/uploads\/2023\/06\/BC-4-1536x1152.jpg 1536w, http:\/\/lafajolle.fr\/wp-content\/uploads\/2023\/06\/BC-4-2048x1536.jpg 2048w, http:\/\/lafajolle.fr\/wp-content\/uploads\/2023\/06\/BC-4-900x675.jpg 900w, http:\/\/lafajolle.fr\/wp-content\/uploads\/2023\/06\/BC-4-1280x960.jpg 1280w\" sizes=\"auto, (max-width: 300px) 100vw, 300px\" \/><\/p>\n<p style=\"text-align: center;\"><span style=\"font-family: verdana, geneva, sans-serif; font-size: 28px; color: #ffffff;\">Photo 9 &#8211; Ecobuage vers le roc R\u00e9glisse 3<\/span><\/p>\n<\/td>\n<\/tr>\n<tr>\n<td style=\"width: 21.2352%;\">\n<p style=\"text-align: center;\"><img loading=\"lazy\" decoding=\"async\" class=\"alignnone size-medium wp-image-2164\" src=\"http:\/\/lafajolle.fr\/wp-content\/uploads\/2023\/06\/Neige-a-La-Fajolle-1-300x200.jpg\" alt=\"\" width=\"300\" height=\"200\" srcset=\"http:\/\/lafajolle.fr\/wp-content\/uploads\/2023\/06\/Neige-a-La-Fajolle-1-300x200.jpg 300w, http:\/\/lafajolle.fr\/wp-content\/uploads\/2023\/06\/Neige-a-La-Fajolle-1-1024x683.jpg 1024w, http:\/\/lafajolle.fr\/wp-content\/uploads\/2023\/06\/Neige-a-La-Fajolle-1-768x512.jpg 768w, http:\/\/lafajolle.fr\/wp-content\/uploads\/2023\/06\/Neige-a-La-Fajolle-1-1536x1024.jpg 1536w, http:\/\/lafajolle.fr\/wp-content\/uploads\/2023\/06\/Neige-a-La-Fajolle-1-2048x1365.jpg 2048w, http:\/\/lafajolle.fr\/wp-content\/uploads\/2023\/06\/Neige-a-La-Fajolle-1-900x600.jpg 900w, http:\/\/lafajolle.fr\/wp-content\/uploads\/2023\/06\/Neige-a-La-Fajolle-1-1280x853.jpg 1280w\" sizes=\"auto, (max-width: 300px) 100vw, 300px\" \/><\/p>\n<p style=\"text-align: center;\"><span style=\"font-family: verdana, geneva, sans-serif; font-size: 28px; color: #ffffff;\">Photo 10 &#8211; Neige \u00e0 La Fajolle<\/span><\/p>\n<\/td>\n<\/tr>\n<tr>\n<td style=\"width: 21.2352%;\">\n<p style=\"text-align: center;\"><img loading=\"lazy\" decoding=\"async\" class=\"alignnone size-medium wp-image-2166\" src=\"http:\/\/lafajolle.fr\/wp-content\/uploads\/2023\/06\/Vaches-en-crete-2-300x200.jpg\" alt=\"\" width=\"300\" height=\"200\" srcset=\"http:\/\/lafajolle.fr\/wp-content\/uploads\/2023\/06\/Vaches-en-crete-2-300x200.jpg 300w, http:\/\/lafajolle.fr\/wp-content\/uploads\/2023\/06\/Vaches-en-crete-2-1024x683.jpg 1024w, http:\/\/lafajolle.fr\/wp-content\/uploads\/2023\/06\/Vaches-en-crete-2-768x512.jpg 768w, http:\/\/lafajolle.fr\/wp-content\/uploads\/2023\/06\/Vaches-en-crete-2-1536x1024.jpg 1536w, http:\/\/lafajolle.fr\/wp-content\/uploads\/2023\/06\/Vaches-en-crete-2-2048x1365.jpg 2048w, http:\/\/lafajolle.fr\/wp-content\/uploads\/2023\/06\/Vaches-en-crete-2-900x600.jpg 900w, http:\/\/lafajolle.fr\/wp-content\/uploads\/2023\/06\/Vaches-en-crete-2-1280x853.jpg 1280w\" sizes=\"auto, (max-width: 300px) 100vw, 300px\" \/><\/p>\n<p style=\"text-align: center;\"><span style=\"font-family: verdana, geneva, sans-serif; font-size: 28px; color: #ffffff;\">Photo 11 &#8211; Vaches en cr\u00eate<\/span><\/p>\n<\/td>\n<\/tr>\n<tr>\n<td style=\"width: 21.2352%;\">\n<p style=\"text-align: center;\"><img loading=\"lazy\" decoding=\"async\" class=\"alignnone size-medium wp-image-2165\" src=\"http:\/\/lafajolle.fr\/wp-content\/uploads\/2023\/06\/Neige-au-dessus-de-la-Madeille-300x200.jpg\" alt=\"\" width=\"300\" height=\"200\" srcset=\"http:\/\/lafajolle.fr\/wp-content\/uploads\/2023\/06\/Neige-au-dessus-de-la-Madeille-300x200.jpg 300w, http:\/\/lafajolle.fr\/wp-content\/uploads\/2023\/06\/Neige-au-dessus-de-la-Madeille-1024x683.jpg 1024w, http:\/\/lafajolle.fr\/wp-content\/uploads\/2023\/06\/Neige-au-dessus-de-la-Madeille-768x512.jpg 768w, http:\/\/lafajolle.fr\/wp-content\/uploads\/2023\/06\/Neige-au-dessus-de-la-Madeille-1536x1024.jpg 1536w, http:\/\/lafajolle.fr\/wp-content\/uploads\/2023\/06\/Neige-au-dessus-de-la-Madeille-2048x1365.jpg 2048w, http:\/\/lafajolle.fr\/wp-content\/uploads\/2023\/06\/Neige-au-dessus-de-la-Madeille-900x600.jpg 900w, http:\/\/lafajolle.fr\/wp-content\/uploads\/2023\/06\/Neige-au-dessus-de-la-Madeille-1280x853.jpg 1280w\" sizes=\"auto, (max-width: 300px) 100vw, 300px\" \/><\/p>\n<p style=\"text-align: center;\"><span style=\"font-family: verdana, geneva, sans-serif; font-size: 28px; color: #ffffff;\">Photo 12 &#8211; Neige au-dessus de la Madeille<\/span><\/p>\n<\/td>\n<\/tr>\n<tr>\n<td style=\"width: 21.2352%;\">\n<p style=\"text-align: center;\"><img loading=\"lazy\" decoding=\"async\" class=\"alignnone size-medium wp-image-2173\" src=\"http:\/\/lafajolle.fr\/wp-content\/uploads\/2023\/07\/image0-225x300.jpeg\" alt=\"\" width=\"225\" height=\"300\" srcset=\"http:\/\/lafajolle.fr\/wp-content\/uploads\/2023\/07\/image0-225x300.jpeg 225w, http:\/\/lafajolle.fr\/wp-content\/uploads\/2023\/07\/image0-rotated.jpeg 480w\" sizes=\"auto, (max-width: 225px) 100vw, 225px\" \/><\/p>\n<p style=\"text-align: center;\"><span style=\"font-family: verdana, geneva, sans-serif; font-size: 28px; color: #ffffff;\">Photo 13 &#8211; photo 0<\/span><\/p>\n<\/td>\n<\/tr>\n<tr>\n<td style=\"width: 21.2352%;\">\n<p style=\"text-align: center;\"><img loading=\"lazy\" decoding=\"async\" class=\"alignnone size-medium wp-image-2174\" src=\"http:\/\/lafajolle.fr\/wp-content\/uploads\/2023\/07\/image1-225x300.jpeg\" alt=\"\" width=\"225\" height=\"300\" srcset=\"http:\/\/lafajolle.fr\/wp-content\/uploads\/2023\/07\/image1-225x300.jpeg 225w, http:\/\/lafajolle.fr\/wp-content\/uploads\/2023\/07\/image1-rotated.jpeg 480w\" sizes=\"auto, (max-width: 225px) 100vw, 225px\" \/><\/p>\n<p style=\"text-align: center;\"><span style=\"font-family: verdana, geneva, sans-serif; font-size: 28px; color: #ffffff;\">Photo 14 &#8211; photo 1<\/span><\/p>\n<\/td>\n<\/tr>\n<tr>\n<td style=\"width: 21.2352%;\">\n<p style=\"text-align: center;\"><img loading=\"lazy\" decoding=\"async\" class=\"alignnone size-medium wp-image-2175\" src=\"http:\/\/lafajolle.fr\/wp-content\/uploads\/2023\/07\/image2-225x300.jpeg\" alt=\"\" width=\"225\" height=\"300\" srcset=\"http:\/\/lafajolle.fr\/wp-content\/uploads\/2023\/07\/image2-225x300.jpeg 225w, http:\/\/lafajolle.fr\/wp-content\/uploads\/2023\/07\/image2-rotated.jpeg 480w\" sizes=\"auto, (max-width: 225px) 100vw, 225px\" \/><\/p>\n<p style=\"text-align: center;\"><span style=\"font-family: verdana, geneva, sans-serif; font-size: 28px; color: #ffffff;\">Photo 15 &#8211; photo 2<\/span><\/p>\n<\/td>\n<\/tr>\n<tr>\n<td style=\"width: 21.2352%;\">\n<p style=\"text-align: center;\"><img loading=\"lazy\" decoding=\"async\" class=\"alignnone size-medium wp-image-2183\" src=\"http:\/\/lafajolle.fr\/wp-content\/uploads\/2023\/07\/image-1-225x300.jpg\" alt=\"\" width=\"225\" height=\"300\" srcset=\"http:\/\/lafajolle.fr\/wp-content\/uploads\/2023\/07\/image-1-225x300.jpg 225w, http:\/\/lafajolle.fr\/wp-content\/uploads\/2023\/07\/image-1-768x1024.jpg 768w, http:\/\/lafajolle.fr\/wp-content\/uploads\/2023\/07\/image-1-1152x1536.jpg 1152w, http:\/\/lafajolle.fr\/wp-content\/uploads\/2023\/07\/image-1-900x1200.jpg 900w, http:\/\/lafajolle.fr\/wp-content\/uploads\/2023\/07\/image-1.jpg 1200w\" sizes=\"auto, (max-width: 225px) 100vw, 225px\" \/><\/p>\n<p style=\"text-align: center;\"><span style=\"font-family: verdana, geneva, sans-serif; font-size: 28px; color: #ffffff;\">Photo 16\u00a0<\/span><\/p>\n<p>&nbsp;<\/p>\n<\/td>\n<\/tr>\n<tr>\n<td style=\"width: 21.2352%;\">\n<p style=\"text-align: center;\"><img loading=\"lazy\" decoding=\"async\" class=\"alignnone size-medium wp-image-2184\" src=\"http:\/\/lafajolle.fr\/wp-content\/uploads\/2023\/07\/image-300x300.jpg\" alt=\"\" width=\"300\" height=\"300\" srcset=\"http:\/\/lafajolle.fr\/wp-content\/uploads\/2023\/07\/image-300x300.jpg 300w, http:\/\/lafajolle.fr\/wp-content\/uploads\/2023\/07\/image-1024x1024.jpg 1024w, http:\/\/lafajolle.fr\/wp-content\/uploads\/2023\/07\/image-150x150.jpg 150w, http:\/\/lafajolle.fr\/wp-content\/uploads\/2023\/07\/image-768x768.jpg 768w, http:\/\/lafajolle.fr\/wp-content\/uploads\/2023\/07\/image-500x500.jpg 500w, http:\/\/lafajolle.fr\/wp-content\/uploads\/2023\/07\/image-400x400.jpg 400w, http:\/\/lafajolle.fr\/wp-content\/uploads\/2023\/07\/image-88x88.jpg 88w, http:\/\/lafajolle.fr\/wp-content\/uploads\/2023\/07\/image-900x900.jpg 900w, http:\/\/lafajolle.fr\/wp-content\/uploads\/2023\/07\/image-1280x1280.jpg 1280w, http:\/\/lafajolle.fr\/wp-content\/uploads\/2023\/07\/image.jpg 1440w\" sizes=\"auto, (max-width: 300px) 100vw, 300px\" \/><\/p>\n<p style=\"text-align: center;\"><span style=\"font-family: verdana, geneva, sans-serif; font-size: 28px; color: #ffffff;\">Photo 17<\/span><\/p>\n<\/td>\n<\/tr>\n<tr>\n<td style=\"width: 21.2352%;\">\n<p style=\"text-align: center;\"><img loading=\"lazy\" decoding=\"async\" class=\"alignnone size-medium wp-image-2185\" src=\"http:\/\/lafajolle.fr\/wp-content\/uploads\/2023\/07\/image1-2-225x300.jpeg\" alt=\"\" width=\"225\" height=\"300\" srcset=\"http:\/\/lafajolle.fr\/wp-content\/uploads\/2023\/07\/image1-2-225x300.jpeg 225w, http:\/\/lafajolle.fr\/wp-content\/uploads\/2023\/07\/image1-2-768x1024.jpeg 768w, http:\/\/lafajolle.fr\/wp-content\/uploads\/2023\/07\/image1-2-1152x1536.jpeg 1152w, http:\/\/lafajolle.fr\/wp-content\/uploads\/2023\/07\/image1-2-1536x2048.jpeg 1536w, http:\/\/lafajolle.fr\/wp-content\/uploads\/2023\/07\/image1-2-900x1200.jpeg 900w, http:\/\/lafajolle.fr\/wp-content\/uploads\/2023\/07\/image1-2-1280x1707.jpeg 1280w, http:\/\/lafajolle.fr\/wp-content\/uploads\/2023\/07\/image1-2-scaled.jpeg 1920w\" sizes=\"auto, (max-width: 225px) 100vw, 225px\" \/><\/p>\n<p style=\"text-align: center;\"><span style=\"font-family: verdana, geneva, sans-serif; font-size: 28px; color: #ffffff;\">Photo 18<\/span><\/p>\n<\/td>\n<\/tr>\n<tr>\n<td style=\"width: 21.2352%;\">\n<p style=\"text-align: center;\"><img loading=\"lazy\" decoding=\"async\" class=\"alignnone size-medium wp-image-2186\" src=\"http:\/\/lafajolle.fr\/wp-content\/uploads\/2023\/07\/image2-2-225x300.jpeg\" alt=\"\" width=\"225\" height=\"300\" srcset=\"http:\/\/lafajolle.fr\/wp-content\/uploads\/2023\/07\/image2-2-225x300.jpeg 225w, http:\/\/lafajolle.fr\/wp-content\/uploads\/2023\/07\/image2-2-768x1024.jpeg 768w, http:\/\/lafajolle.fr\/wp-content\/uploads\/2023\/07\/image2-2-1152x1536.jpeg 1152w, http:\/\/lafajolle.fr\/wp-content\/uploads\/2023\/07\/image2-2-1536x2048.jpeg 1536w, http:\/\/lafajolle.fr\/wp-content\/uploads\/2023\/07\/image2-2-900x1200.jpeg 900w, http:\/\/lafajolle.fr\/wp-content\/uploads\/2023\/07\/image2-2-1280x1707.jpeg 1280w, http:\/\/lafajolle.fr\/wp-content\/uploads\/2023\/07\/image2-2-scaled.jpeg 1920w\" sizes=\"auto, (max-width: 225px) 100vw, 225px\" \/><\/p>\n<p style=\"text-align: center;\"><span style=\"font-family: verdana, geneva, sans-serif; font-size: 28px; color: #ffffff;\">Photo 19<\/span><\/p>\n<\/td>\n<\/tr>\n<tr>\n<td style=\"width: 21.2352%;\">\n<p style=\"text-align: center;\"><img loading=\"lazy\" decoding=\"async\" class=\"alignnone size-medium wp-image-2189\" src=\"http:\/\/lafajolle.fr\/wp-content\/uploads\/2023\/07\/image3-1-225x300.jpeg\" alt=\"\" width=\"225\" height=\"300\" srcset=\"http:\/\/lafajolle.fr\/wp-content\/uploads\/2023\/07\/image3-1-225x300.jpeg 225w, http:\/\/lafajolle.fr\/wp-content\/uploads\/2023\/07\/image3-1-768x1024.jpeg 768w, http:\/\/lafajolle.fr\/wp-content\/uploads\/2023\/07\/image3-1-1152x1536.jpeg 1152w, http:\/\/lafajolle.fr\/wp-content\/uploads\/2023\/07\/image3-1-1536x2048.jpeg 1536w, http:\/\/lafajolle.fr\/wp-content\/uploads\/2023\/07\/image3-1-900x1200.jpeg 900w, http:\/\/lafajolle.fr\/wp-content\/uploads\/2023\/07\/image3-1-1280x1707.jpeg 1280w, http:\/\/lafajolle.fr\/wp-content\/uploads\/2023\/07\/image3-1-scaled.jpeg 1920w\" sizes=\"auto, (max-width: 225px) 100vw, 225px\" \/><\/p>\n<p style=\"text-align: center;\"><span style=\"font-family: verdana, geneva, sans-serif; font-size: 28px; color: #ffffff;\">Photo 20<\/span><\/p>\n<\/td>\n<\/tr>\n<tr>\n<td style=\"width: 21.2352%;\">\n<p style=\"text-align: center;\"><img loading=\"lazy\" decoding=\"async\" class=\"alignnone size-medium wp-image-2188\" src=\"http:\/\/lafajolle.fr\/wp-content\/uploads\/2023\/07\/image4-225x300.jpeg\" alt=\"\" width=\"225\" height=\"300\" srcset=\"http:\/\/lafajolle.fr\/wp-content\/uploads\/2023\/07\/image4-225x300.jpeg 225w, http:\/\/lafajolle.fr\/wp-content\/uploads\/2023\/07\/image4-768x1024.jpeg 768w, http:\/\/lafajolle.fr\/wp-content\/uploads\/2023\/07\/image4-1152x1536.jpeg 1152w, http:\/\/lafajolle.fr\/wp-content\/uploads\/2023\/07\/image4-1536x2048.jpeg 1536w, http:\/\/lafajolle.fr\/wp-content\/uploads\/2023\/07\/image4-900x1200.jpeg 900w, http:\/\/lafajolle.fr\/wp-content\/uploads\/2023\/07\/image4-1280x1707.jpeg 1280w, http:\/\/lafajolle.fr\/wp-content\/uploads\/2023\/07\/image4-scaled.jpeg 1920w\" sizes=\"auto, (max-width: 225px) 100vw, 225px\" \/><\/p>\n<p style=\"text-align: center;\"><span style=\"font-family: verdana, geneva, sans-serif; font-size: 28px; color: #ffffff;\">Photo 21<\/span><\/p>\n<\/td>\n<\/tr>\n<tr>\n<td style=\"width: 21.2352%;\"><img loading=\"lazy\" decoding=\"async\" class=\"size-medium wp-image-2195 aligncenter\" src=\"http:\/\/lafajolle.fr\/wp-content\/uploads\/2023\/07\/MELEZES-DANS-LA-BRUME-199x300.jpg\" alt=\"\" width=\"199\" height=\"300\" srcset=\"http:\/\/lafajolle.fr\/wp-content\/uploads\/2023\/07\/MELEZES-DANS-LA-BRUME-199x300.jpg 199w, http:\/\/lafajolle.fr\/wp-content\/uploads\/2023\/07\/MELEZES-DANS-LA-BRUME-678x1024.jpg 678w, http:\/\/lafajolle.fr\/wp-content\/uploads\/2023\/07\/MELEZES-DANS-LA-BRUME-768x1160.jpg 768w, http:\/\/lafajolle.fr\/wp-content\/uploads\/2023\/07\/MELEZES-DANS-LA-BRUME-1017x1536.jpg 1017w, http:\/\/lafajolle.fr\/wp-content\/uploads\/2023\/07\/MELEZES-DANS-LA-BRUME-1356x2048.jpg 1356w, http:\/\/lafajolle.fr\/wp-content\/uploads\/2023\/07\/MELEZES-DANS-LA-BRUME-900x1359.jpg 900w, http:\/\/lafajolle.fr\/wp-content\/uploads\/2023\/07\/MELEZES-DANS-LA-BRUME-1280x1933.jpg 1280w, http:\/\/lafajolle.fr\/wp-content\/uploads\/2023\/07\/MELEZES-DANS-LA-BRUME-scaled.jpg 1696w\" sizes=\"auto, (max-width: 199px) 100vw, 199px\" \/><\/p>\n<p style=\"text-align: center;\"><span style=\"font-family: verdana, geneva, sans-serif; font-size: 28px; color: #ffffff;\">Photo 22 &#8211; M\u00e9l\u00e8zes dans la brume<\/span><\/p>\n<\/td>\n<\/tr>\n<tr>\n<td style=\"width: 21.2352%;\">\n<p style=\"text-align: center;\"><img loading=\"lazy\" decoding=\"async\" class=\"alignnone size-medium wp-image-2194\" src=\"http:\/\/lafajolle.fr\/wp-content\/uploads\/2023\/07\/REBENTY_EAU-DE-VIE-300x199.jpg\" alt=\"\" width=\"300\" height=\"199\" srcset=\"http:\/\/lafajolle.fr\/wp-content\/uploads\/2023\/07\/REBENTY_EAU-DE-VIE-300x199.jpg 300w, http:\/\/lafajolle.fr\/wp-content\/uploads\/2023\/07\/REBENTY_EAU-DE-VIE-1024x678.jpg 1024w, http:\/\/lafajolle.fr\/wp-content\/uploads\/2023\/07\/REBENTY_EAU-DE-VIE-768x509.jpg 768w, http:\/\/lafajolle.fr\/wp-content\/uploads\/2023\/07\/REBENTY_EAU-DE-VIE-1536x1017.jpg 1536w, http:\/\/lafajolle.fr\/wp-content\/uploads\/2023\/07\/REBENTY_EAU-DE-VIE-2048x1356.jpg 2048w, http:\/\/lafajolle.fr\/wp-content\/uploads\/2023\/07\/REBENTY_EAU-DE-VIE-900x596.jpg 900w, http:\/\/lafajolle.fr\/wp-content\/uploads\/2023\/07\/REBENTY_EAU-DE-VIE-1280x848.jpg 1280w\" sizes=\"auto, (max-width: 300px) 100vw, 300px\" \/><\/p>\n<p style=\"text-align: center;\"><span style=\"font-family: verdana, geneva, sans-serif; font-size: 28px; color: #ffffff;\">Photo 23 &#8211; R\u00e9benty eau de vie<\/span><\/p>\n<\/td>\n<\/tr>\n<tr>\n<td style=\"width: 21.2352%;\">\n<p style=\"text-align: center;\"><img loading=\"lazy\" decoding=\"async\" class=\"alignnone size-medium wp-image-2193\" src=\"http:\/\/lafajolle.fr\/wp-content\/uploads\/2023\/07\/LE-VEILLEUR-DU-CHEMIN-VIEUX-300x199.jpg\" alt=\"\" width=\"300\" height=\"199\" srcset=\"http:\/\/lafajolle.fr\/wp-content\/uploads\/2023\/07\/LE-VEILLEUR-DU-CHEMIN-VIEUX-300x199.jpg 300w, http:\/\/lafajolle.fr\/wp-content\/uploads\/2023\/07\/LE-VEILLEUR-DU-CHEMIN-VIEUX-1024x678.jpg 1024w, http:\/\/lafajolle.fr\/wp-content\/uploads\/2023\/07\/LE-VEILLEUR-DU-CHEMIN-VIEUX-768x509.jpg 768w, http:\/\/lafajolle.fr\/wp-content\/uploads\/2023\/07\/LE-VEILLEUR-DU-CHEMIN-VIEUX-1536x1017.jpg 1536w, http:\/\/lafajolle.fr\/wp-content\/uploads\/2023\/07\/LE-VEILLEUR-DU-CHEMIN-VIEUX-2048x1356.jpg 2048w, http:\/\/lafajolle.fr\/wp-content\/uploads\/2023\/07\/LE-VEILLEUR-DU-CHEMIN-VIEUX-900x596.jpg 900w, http:\/\/lafajolle.fr\/wp-content\/uploads\/2023\/07\/LE-VEILLEUR-DU-CHEMIN-VIEUX-1280x848.jpg 1280w\" sizes=\"auto, (max-width: 300px) 100vw, 300px\" \/><\/p>\n<p style=\"text-align: center;\"><span style=\"font-family: verdana, geneva, sans-serif; font-size: 28px; color: #ffffff;\">Photo 24 &#8211; Le veilleur du chemin vieux<\/span><\/p>\n<\/td>\n<\/tr>\n<tr>\n<td style=\"width: 21.2352%;\"><img loading=\"lazy\" decoding=\"async\" class=\"size-medium wp-image-2198 aligncenter\" src=\"http:\/\/lafajolle.fr\/wp-content\/uploads\/2023\/07\/LysPyrenees-LaFajolle-06-2023-300x193.jpg\" alt=\"\" width=\"300\" height=\"193\" srcset=\"http:\/\/lafajolle.fr\/wp-content\/uploads\/2023\/07\/LysPyrenees-LaFajolle-06-2023-300x193.jpg 300w, http:\/\/lafajolle.fr\/wp-content\/uploads\/2023\/07\/LysPyrenees-LaFajolle-06-2023-1024x658.jpg 1024w, http:\/\/lafajolle.fr\/wp-content\/uploads\/2023\/07\/LysPyrenees-LaFajolle-06-2023-768x494.jpg 768w, http:\/\/lafajolle.fr\/wp-content\/uploads\/2023\/07\/LysPyrenees-LaFajolle-06-2023-1536x987.jpg 1536w, http:\/\/lafajolle.fr\/wp-content\/uploads\/2023\/07\/LysPyrenees-LaFajolle-06-2023-2048x1316.jpg 2048w, http:\/\/lafajolle.fr\/wp-content\/uploads\/2023\/07\/LysPyrenees-LaFajolle-06-2023-900x578.jpg 900w, http:\/\/lafajolle.fr\/wp-content\/uploads\/2023\/07\/LysPyrenees-LaFajolle-06-2023-1280x823.jpg 1280w\" sizes=\"auto, (max-width: 300px) 100vw, 300px\" \/><\/p>\n<p style=\"text-align: center;\"><span style=\"font-family: verdana, geneva, sans-serif; font-size: 28px; color: #ffffff;\">Photo 25 &#8211; Lys Pyr\u00e9n\u00e9es La Fajolle<\/span><\/p>\n<\/td>\n<\/tr>\n<tr>\n<td style=\"width: 21.2352%;\">\n<p><img loading=\"lazy\" decoding=\"async\" class=\"alignnone size-medium wp-image-2200 aligncenter\" src=\"http:\/\/lafajolle.fr\/wp-content\/uploads\/2023\/07\/Peinture-La-Fajolle-300x239.jpg\" alt=\"\" width=\"300\" height=\"239\" srcset=\"http:\/\/lafajolle.fr\/wp-content\/uploads\/2023\/07\/Peinture-La-Fajolle-300x239.jpg 300w, http:\/\/lafajolle.fr\/wp-content\/uploads\/2023\/07\/Peinture-La-Fajolle-1024x816.jpg 1024w, http:\/\/lafajolle.fr\/wp-content\/uploads\/2023\/07\/Peinture-La-Fajolle-768x612.jpg 768w, http:\/\/lafajolle.fr\/wp-content\/uploads\/2023\/07\/Peinture-La-Fajolle-1536x1223.jpg 1536w, http:\/\/lafajolle.fr\/wp-content\/uploads\/2023\/07\/Peinture-La-Fajolle-2048x1631.jpg 2048w, http:\/\/lafajolle.fr\/wp-content\/uploads\/2023\/07\/Peinture-La-Fajolle-900x717.jpg 900w, http:\/\/lafajolle.fr\/wp-content\/uploads\/2023\/07\/Peinture-La-Fajolle-1280x1020.jpg 1280w\" sizes=\"auto, (max-width: 300px) 100vw, 300px\" \/><\/p>\n<p style=\"text-align: center;\"><span style=\"font-family: verdana, geneva, sans-serif; font-size: 28px; color: #ffffff;\">Photo 26 &#8211; Peinture La Fajolle<\/span><\/p>\n<\/td>\n<\/tr>\n<\/tbody>\n<\/table>\n","protected":false},"excerpt":{"rendered":"<p>R\u00e9sultats du concours photos \u00ab\u00a0La Fajolle 23\u00a0\u00bb : 1er prix : Marie Vignau &#8211; Photo 23 2i\u00e8me prix : Mireille Rosset &#8211; Photo 26 3i\u00e8me prix : Roger Stivanin &#8211; Photo 11 Merci \u00e0 tous les participants\u00a0 \u00a0\u00ab\u00a0LA FAJOLLE\u00a0\u00bb 2023 Article 1 : Organisation du concours L\u2019association Lafajolaise organise un concours photos qui a pour [&hellip;]<\/p>\n","protected":false},"author":1,"featured_media":0,"parent":0,"menu_order":0,"comment_status":"closed","ping_status":"closed","template":"","meta":{"_crdt_document":"","footnotes":""},"class_list":["post-2097","page","type-page","status-publish","hentry"],"_links":{"self":[{"href":"http:\/\/lafajolle.fr\/index.php\/wp-json\/wp\/v2\/pages\/2097","targetHints":{"allow":["GET"]}}],"collection":[{"href":"http:\/\/lafajolle.fr\/index.php\/wp-json\/wp\/v2\/pages"}],"about":[{"href":"http:\/\/lafajolle.fr\/index.php\/wp-json\/wp\/v2\/types\/page"}],"author":[{"embeddable":true,"href":"http:\/\/lafajolle.fr\/index.php\/wp-json\/wp\/v2\/users\/1"}],"replies":[{"embeddable":true,"href":"http:\/\/lafajolle.fr\/index.php\/wp-json\/wp\/v2\/comments?post=2097"}],"version-history":[{"count":18,"href":"http:\/\/lafajolle.fr\/index.php\/wp-json\/wp\/v2\/pages\/2097\/revisions"}],"predecessor-version":[{"id":2268,"href":"http:\/\/lafajolle.fr\/index.php\/wp-json\/wp\/v2\/pages\/2097\/revisions\/2268"}],"wp:attachment":[{"href":"http:\/\/lafajolle.fr\/index.php\/wp-json\/wp\/v2\/media?parent=2097"}],"curies":[{"name":"wp","href":"https:\/\/api.w.org\/{rel}","templated":true}]}}